{"id":19611,"date":"2025-09-09T15:40:34","date_gmt":"2025-09-09T13:40:34","guid":{"rendered":"https:\/\/esadvalencia.com\/horaris-del-i-semestre-curs-2025-2026\/"},"modified":"2026-09-03T11:58:21","modified_gmt":"2026-09-03T09:58:21","slug":"horaris","status":"publish","type":"page","link":"https:\/\/esadvalencia.com\/ca\/horaris\/","title":{"rendered":"Horaris i Calendari Acad\u00e8mic"},"content":{"rendered":"\n<p class=\"wp-block-paragraph\">Ja teniu disponible tota la informaci\u00f3 sobre els horaris de tots els cursos i especialitats, aix\u00ed com el <a href=\"#calendario-academico\">Calendari Acad\u00e8mic<\/a> del curs que encetem aquest mes.<\/p>\n\n<p class=\"wp-block-paragraph\">Aquesta informaci\u00f3 \u00e9s fonamental per saber qu\u00e8 has de fer i quan en cada moment del curs.<\/p>\n\n<p class=\"wp-block-paragraph\">Per tal de completar l\u2019organitzaci\u00f3 acad\u00e8mica, al final de aquesta mateixa p\u00e0gina tamb\u00e9 podeu consultar totes les <a href=\"#fechas-examenes\">dates i aules dels ex\u00e0mens<\/a>, perqu\u00e8 pugueu planificar millor els vostres estudis i obtindre uns resultats excel\u00b7lents.<\/p>\n\n<p class=\"wp-block-paragraph\">Tamb\u00e9 podeu consultar ac\u00ed l&#8217;<a href=\"https:\/\/sway.cloud.microsoft\/3xifaE11d4ALUQpp?ref=Link\" target=\"_blank\" rel=\"noreferrer noopener\">horari de la biblioteca<\/a>.<\/p>\n\n<p class=\"wp-block-paragraph\">Si preferiu, podeu accedir a l&#8217;<a href=\"https:\/\/apps.powerapps.com\/play\/e\/default-73dd1114-ef7d-40c7-8669-569d32e7e29b\/a\/fceea2fd-abe6-4456-963b-b80f183d88b6?tenantId=73dd1114-ef7d-40c7-8669-569d32e7e29b&amp;hint=e070d383-ae59-4c6d-8e6b-55894a0d94f7&amp;sourcetime=1786529097537\" target=\"_blank\" rel=\"noopener\" title=\"\">APP ESAD VAL\u00c8NCIA<\/a> amb el vostre compte institucional d&#8217;Office 365, on tindreu tota esta informaci\u00f3 i m\u00e9s.<\/p>\n<div class=\"gb-container gb-container-c0468cb3\">\n\n<a class=\"gb-button gb-button-fe6f6c3e gb-button-text\" href=\"https:\/\/apps.powerapps.com\/play\/e\/default-73dd1114-ef7d-40c7-8669-569d32e7e29b\/a\/fceea2fd-abe6-4456-963b-b80f183d88b6?tenantId=73dd1114-ef7d-40c7-8669-569d32e7e29b&#038;hint=e070d383-ae59-4c6d-8e6b-55894a0d94f7&#038;sourcetime=1786529097537\" target=\"_blank\" rel=\"noopener noreferrer\">APP ESAD VAL\u00c8NCIA<\/a>\n\n<\/div>\n<p class=\"gb-text gb-text-759a6e68\"><strong>\u00c0nim i bon comen\u00e7ament de curs!<\/strong><\/p>\n\n<div class=\"gb-element-56eec739\">\n<div>\n<a class=\"gb-button gb-button-a9386178 gb-button-text boton-general-menu\" href=\"#horarios-i-semestre\">HORARIS I SEMESTRE<\/a>\n<\/div>\n\n\n\n<div>\n<a class=\"gb-button gb-button-8ee43fd7 gb-button-text boton-general-menu\" href=\"#horarios-ii-semestre\">HORARIS II SEMESTRE<\/a>\n<\/div>\n\n\n\n<div>\n<a class=\"gb-button gb-button-88a5f9f7 gb-button-text boton-general-menu\" href=\"#calendario-academico\">CALENDARI ACAD\u00c8MIC<\/a>\n<\/div>\n\n\n\n<div>\n<a class=\"gb-button gb-button-6d7337f1 gb-button-text boton-general-menu\" href=\"https:\/\/gvaedu.sharepoint.com\/:x:\/s\/Section_46016993-D\/IQD3jmMn7n-AT4wwV16kfb2AAXZgi8SVx76gsMutbPzzmPU?e=IfRahe\" target=\"_blank\" rel=\"noopener noreferrer\">DATES EX\u00c0MENS Y AULES<\/a>\n<\/div>\n\n\n\n<div>\n<a class=\"gb-button gb-button-37e7fdc3 gb-button-text boton-general-menu\" href=\"#calendario-2-convocatoria-1t\">CALENDARI 2\u00aa CONVOCAT\u00d2RIA<\/a>\n<\/div>\n\n\n\n<div>\n<a class=\"gb-button gb-button-63108663 gb-button-text boton-general-menu\" href=\"#horario-biblioteca\">HORARI DE LA BIBLIOTECA<\/a>\n<\/div>\n<\/div>\n\n<h2 id=\"horarios-i-semestre\" class=\"wp-block-heading\">Horaris del I Semestre \u2013 Curs 2026-2027<\/h2>\n\n<p class=\"wp-block-paragraph\">Ac\u00ed podeu veure o descarregar els <a href=\"https:\/\/esadvalencia.com\/wp-content\/uploads\/2026\/09\/Horari_I_Semestre_ESAD_Valencia_2026_2027.pdf\" target=\"_blank\" rel=\"noopener\" title=\"\">Horaris del Primer Semestre<\/a>.<\/p>\n\n<div data-wp-interactive=\"core\/file\" class=\"wp-block-file aligncenter\"><object data-wp-bind--hidden=\"!state.hasPdfPreview\" hidden class=\"wp-block-file__embed\" data=\"https:\/\/esadvalencia.com\/wp-content\/uploads\/2026\/09\/Horari_I_Semestre_ESAD_Valencia_2026_2027.pdf\" type=\"application\/pdf\" style=\"width:100%;height:800px\" aria-label=\"Incrustaci\u00f3 del fitxer Horario I Semestre 2026-2027.\"><\/object><a id=\"wp-block-file--media-4cde6b89-b2cd-4c8d-a1c2-eb7995a37b65\" href=\"https:\/\/esadvalencia.com\/wp-content\/uploads\/2026\/09\/Horari_I_Semestre_ESAD_Valencia_2026_2027.pdf\" target=\"_blank\" rel=\"noreferrer noopener\">Horari I Semestre 2026-2027<\/a><a href=\"https:\/\/esadvalencia.com\/wp-content\/uploads\/2026\/09\/Horari_I_Semestre_ESAD_Valencia_2026_2027.pdf\" class=\"wp-block-file__button wp-element-button\" download=\"\" aria-describedby=\"wp-block-file--media-4cde6b89-b2cd-4c8d-a1c2-eb7995a37b65\">Desc\u00e0rrega<\/a><\/div>\n\n<div style=\"height:40px\" aria-hidden=\"true\" class=\"wp-block-spacer\"><\/div>\n\n<h2 id=\"horarios-ii-semestre\" class=\"wp-block-heading\">Horaris del II Semestre \u2013 Curs 2026-2027<\/h2>\n\n<p class=\"wp-block-paragraph\">Ac\u00ed podeu veure o descarregar els <a href=\"https:\/\/esadvalencia.com\/wp-content\/uploads\/2026\/09\/Horari_II_Semestre_ESAD_Valencia_2026_2027.pdf\" target=\"_blank\" rel=\"noopener\" title=\"\">Horaris del Segon Semestre<\/a>.<\/p>\n\n<div data-wp-interactive=\"core\/file\" class=\"wp-block-file aligncenter\"><object data-wp-bind--hidden=\"!state.hasPdfPreview\" hidden class=\"wp-block-file__embed\" data=\"https:\/\/esadvalencia.com\/wp-content\/uploads\/2026\/09\/Horari_II_Semestre_ESAD_Valencia_2026_2027.pdf\" type=\"application\/pdf\" style=\"width:100%;height:800px\" aria-label=\"Incrustaci\u00f3 del fitxer Horario II Semestre 2026-2027.\"><\/object><a id=\"wp-block-file--media-ebbd7c86-905e-4a86-86ac-d4b5abe89699\" href=\"https:\/\/esadvalencia.com\/wp-content\/uploads\/2026\/09\/Horari_II_Semestre_ESAD_Valencia_2026_2027.pdf\" target=\"_blank\" rel=\"noreferrer noopener\">Horari II Semestre 2026-2027<\/a><a href=\"https:\/\/esadvalencia.com\/wp-content\/uploads\/2026\/09\/Horari_II_Semestre_ESAD_Valencia_2026_2027.pdf\" class=\"wp-block-file__button wp-element-button\" download=\"\" aria-describedby=\"wp-block-file--media-ebbd7c86-905e-4a86-86ac-d4b5abe89699\">Desc\u00e0rrega<\/a><\/div>\n\n<div style=\"height:40px\" aria-hidden=\"true\" class=\"wp-block-spacer\"><\/div>\n\n<h2 id=\"calendario-academico\" class=\"wp-block-heading\">Calendari Acad\u00e8mic \u2013 Curso 2026-2027<\/h2>\n\n<p class=\"wp-block-paragraph\">Ac\u00ed podeu veure o descarregar el <a href=\"https:\/\/esadvalencia.com\/wp-content\/uploads\/2026\/09\/CALENDARI_ACADEMIC_ESAD_VALENCIA_CURS_2026-2027.pdf\" target=\"_blank\" rel=\"noopener\" title=\"\">Calendari Acad\u00e8mic del curs 2026-2027<\/a>.<\/p>\n\n<div data-wp-interactive=\"core\/file\" class=\"wp-block-file aligncenter\"><object data-wp-bind--hidden=\"!state.hasPdfPreview\" hidden class=\"wp-block-file__embed\" data=\"https:\/\/esadvalencia.com\/wp-content\/uploads\/2026\/09\/CALENDARI_ACADEMIC_ESAD_VALENCIA_CURS_2026-2027.pdf\" type=\"application\/pdf\" style=\"width:100%;height:800px\" aria-label=\"Incrustaci\u00f3 del fitxer Calendario Acad\u00e9mico Curso 2026-2027.\"><\/object><a id=\"wp-block-file--media-cc845a83-9b7c-4730-9e1d-e3af69f7cce3\" href=\"https:\/\/esadvalencia.com\/wp-content\/uploads\/2026\/09\/CALENDARI_ACADEMIC_ESAD_VALENCIA_CURS_2026-2027.pdf\" target=\"_blank\" rel=\"noreferrer noopener\">Calendari Acad\u00e8mic Curs 2026-2027<\/a><a href=\"https:\/\/esadvalencia.com\/wp-content\/uploads\/2026\/09\/CALENDARI_ACADEMIC_ESAD_VALENCIA_CURS_2026-2027.pdf\" class=\"wp-block-file__button wp-element-button\" download=\"\" aria-describedby=\"wp-block-file--media-cc845a83-9b7c-4730-9e1d-e3af69f7cce3\">Desc\u00e0rrega<\/a><\/div>\n\n<div style=\"height:40px\" aria-hidden=\"true\" class=\"wp-block-spacer\"><\/div>\n\n<h2 id=\"fechas-examenes\" class=\"wp-block-heading\">Dates Ex\u00e0mens \u2013 Curs 2026-2027<\/h2>\n\n<p class=\"wp-block-paragraph\">En breu podr\u00e0s consultar les dates i aules de tots els ex\u00e0mens perqu\u00e8 pugues planificar millor els teus estudis.<\/p>\n\n<div style=\"height:40px\" aria-hidden=\"true\" class=\"wp-block-spacer\"><\/div>\n\n<h2 id=\"calendario-2-convocatoria-1t\" class=\"wp-block-heading\">Calendari Ex\u00e0mens Primera Convocat\u00f2ria \u2013 Primer Trimestre<\/h2>\n\n<p class=\"wp-block-paragraph\">Ac\u00ed podreu veure o descarregar en breu el Calendari d\u2019Ex\u00e0mens de la Primera Convocat\u00f2ria del Primer Trimestre.<\/p>\n\n<div style=\"height:40px\" aria-hidden=\"true\" class=\"wp-block-spacer\"><\/div>\n\n<h2 id=\"horario-biblioteca\" class=\"wp-block-heading\">Horari de la biblioteca<\/h2>\n\n<p class=\"wp-block-paragraph\">Ac\u00ed podeu consultar l&#8217;<a href=\"https:\/\/sway.cloud.microsoft\/3xifaE11d4ALUQpp?ref=Link\" target=\"_blank\" rel=\"noreferrer noopener\">horari de la biblioteca<\/a>.<\/p>\n\n<iframe loading=\"lazy\" width=\"880px\" height=\"400px\" src=\"https:\/\/sway.cloud.microsoft\/s\/3xifaE11d4ALUQpp\/embed\" frameborder=\"0\" marginheight=\"0\" marginwidth=\"0\" max-width=\"100%\" sandbox=\"allow-forms allow-modals allow-orientation-lock allow-popups allow-same-origin allow-scripts\" scrolling=\"no\" style=\"border: none; max-width: 100%; max-height: 100vh\" allowfullscreen=\"\" mozallowfullscreen=\"\" msallowfullscreen=\"\" webkitallowfullscreen=\"\"><\/iframe>\n","protected":false},"excerpt":{"rendered":"<p>Ja teniu disponible tota la informaci\u00f3 sobre els horaris de tots els cursos i especialitats, aix\u00ed com el Calendari Acad\u00e8mic del curs que encetem aquest mes. Aquesta informaci\u00f3 \u00e9s fonamental per saber qu\u00e8 has de fer i quan en cada moment del curs. Per tal de completar l\u2019organitzaci\u00f3 acad\u00e8mica, al final de aquesta mateixa p\u00e0gina &#8230; <a title=\"Horaris i Calendari Acad\u00e8mic\" class=\"read-more\" href=\"https:\/\/esadvalencia.com\/ca\/horaris\/\" aria-label=\"M\u00e9s informaci\u00f3 sobre Horaris i Calendari Acad\u00e8mic\">Read more<\/a><\/p>\n","protected":false},"author":1,"featured_media":0,"parent":0,"menu_order":0,"comment_status":"closed","ping_status":"closed","template":"","meta":{"_acf_changed":false,"ngg_post_thumbnail":0,"slim_seo":{"title":"Horaris i Calendari Acad\u00e8mic - ESAD - Escuela Superior de Arte Dram\u00e1tico de Valencia","description":"Ja teniu disponible tota la informaci\u00f3 sobre els horaris de tots els cursos i especialitats, aix\u00ed com el Calendari Acad\u00e8mic del curs que encetem aquest mes. Aqu"},"footnotes":""},"class_list":["post-19611","page","type-page","status-publish"],"acf":[],"_links":{"self":[{"href":"https:\/\/esadvalencia.com\/ca\/wp-json\/wp\/v2\/pages\/19611","targetHints":{"allow":["GET"]}}],"collection":[{"href":"https:\/\/esadvalencia.com\/ca\/wp-json\/wp\/v2\/pages"}],"about":[{"href":"https:\/\/esadvalencia.com\/ca\/wp-json\/wp\/v2\/types\/page"}],"author":[{"embeddable":true,"href":"https:\/\/esadvalencia.com\/ca\/wp-json\/wp\/v2\/users\/1"}],"replies":[{"embeddable":true,"href":"https:\/\/esadvalencia.com\/ca\/wp-json\/wp\/v2\/comments?post=19611"}],"version-history":[{"count":36,"href":"https:\/\/esadvalencia.com\/ca\/wp-json\/wp\/v2\/pages\/19611\/revisions"}],"predecessor-version":[{"id":23066,"href":"https:\/\/esadvalencia.com\/ca\/wp-json\/wp\/v2\/pages\/19611\/revisions\/23066"}],"wp:attachment":[{"href":"https:\/\/esadvalencia.com\/ca\/wp-json\/wp\/v2\/media?parent=19611"}],"curies":[{"name":"wp","href":"https:\/\/api.w.org\/{rel}","templated":true}]}}